{"id":659,"date":"2021-01-05T09:36:16","date_gmt":"2021-01-05T08:36:16","guid":{"rendered":"http:\/\/194.30.98.125\/medioambiente\/"},"modified":"2025-02-07T09:23:23","modified_gmt":"2025-02-07T08:23:23","slug":"environnement","status":"publish","type":"page","link":"https:\/\/etorki.com\/fr\/environnement\/","title":{"rendered":"Environnement"},"content":{"rendered":"\n<h1>\n\t\tLes for\u00eats, des \u00e9cosyst\u00e8mes qui maintiennent<br \/>la biodiversit\u00e9 et qui sont essentielles <br \/>pour le bien-\u00eatre humain\n\t<\/h1>\n\t\t\t\t<a href=\"#ambiental\"  target=\"_self\" itemprop=\"url\">\n\t\t\t\t<img decoding=\"async\" src=\"https:\/\/etorki.com\/wp-content\/uploads\/2021\/01\/ICONO-MEDIO-AMBIENTE1.png\" alt=\"ICONO MEDIO AMBIENTE1\" itemprop=\"image\" height=\"100\" width=\"100\" title=\"ICONO MEDIO AMBIENTE1\" onerror=\"this.style.display='none'\"  \/>\n\t\t\t\t<\/a>\n<h3>\n\t\tDURABILIT\u00c9 <br \/> ENVIRONNEMENTALE\n\t<\/h3>\n\t\t\t\t<a href=\"#social\"  target=\"_self\" itemprop=\"url\">\n\t\t\t\t<img decoding=\"async\" src=\"https:\/\/etorki.com\/wp-content\/uploads\/2021\/02\/ICONO-social.png\" alt=\"ICONO social\" itemprop=\"image\" height=\"100\" width=\"100\" title=\"ICONO social\" onerror=\"this.style.display='none'\"  \/>\n\t\t\t\t<\/a>\n<h3>\n\t\tDURABILIT\u00c9<br \/>SOCIALE\n\t<\/h3>\n\t\t\t\t<a href=\"#economica\"  target=\"_self\" itemprop=\"url\">\n\t\t\t\t<img decoding=\"async\" src=\"https:\/\/etorki.com\/wp-content\/uploads\/2021\/02\/ICONO-economia-1.png\" alt=\"ICONO economia\" itemprop=\"image\" height=\"100\" width=\"100\" title=\"ICONO economia\" onerror=\"this.style.display='none'\"  \/>\n\t\t\t\t<\/a>\n<h3>\n\t\tDURABILIT\u00c9<br \/>\u00c9CONOMIQUE\n\t<\/h3>\n<h2>\n\t\tDURABILIT\u00c9 ENVIRONNEMENTALE\n\t<\/h2>\n\t\t<h4>L&rsquo;importance des for\u00eats<\/h4>\n\t\t\t<p>Les for\u00eats sont des \u00e9cosyst\u00e8mes qui maintiennent la biodiversit\u00e9, la protection de l&rsquo;eau et du sol et la fixation du carbone. La fixation annuelle de carbone des for\u00eats de la CAV peut \u00eatre estim\u00e9e \u00e0 partir de la croissance moyenne du bois, qui atteint 3,4 millions de m3\/an, croissance qui est multipli\u00e9e par 275 kgC\/m3 (kg de carbone contenu dans un m\u00e8tre cube de bois). Pour toutes ces raisons, il est tr\u00e8s important d&rsquo;effectuer une gestion foresti\u00e8re correcte&#8230;<\/p>\t\t\n\t\t\t\t<img decoding=\"async\" src=\"https:\/\/etorki.com\/wp-content\/uploads\/2021\/01\/PEFC.png\" alt=\"PEFC\" itemprop=\"image\" height=\"300\" width=\"300\" title=\"PEFC\" onerror=\"this.style.display='none'\"  \/>\n\t\t<h4>Bois certifi\u00e9 PEFC<\/h4>\n\t\t\t<p>Etorki utilise du bois certifi\u00e9 PEFC, ce qui garantit que le bois provient de for\u00eats g\u00e9r\u00e9es durablement. L&rsquo;objectif de PEFC est de garantir que les for\u00eats du monde sont g\u00e9r\u00e9es de mani\u00e8re responsable et que leurs multiples fonctions sont prot\u00e9g\u00e9es pour les g\u00e9n\u00e9rations actuelles et futures.Nous garantissons aux consommateurs qu&rsquo;ils ach\u00e8tent des produits provenant de for\u00eats g\u00e9r\u00e9es durablement.<\/p>\t\t\n\t\t\t<a href=\"https:\/\/etorki.com\/wp-content\/uploads\/2025\/02\/CertificatePEFC-2024.pdf\" target=\"_blank\" rel=\"noopener\">\n\t\t\t\t\t\t\tVOIR CERTIFICAT\n\t\t\t\t\t<\/a>\n\t\t<h4>Km 0<\/h4>\n\t\t\t<p>Du bois qui provient de nos for\u00eats. En utilisant une mati\u00e8re premi\u00e8re naturelle et renouvelable \u00e0 quelques kilom\u00e8tres de notre usine, l&#8217;empreinte carbone et l&rsquo;analyse du cycle de vie de nos produits sont tr\u00e8s faibles. Cela justifie le DAP sectoriel de notre produit, car par rapport \u00e0 des produits similaires, nous estimons que le produit est beaucoup plus durable et contribue \u00e0 att\u00e9nuer le changement climatique.<\/p>\t\t\n<h2>\n\t\tDURABILIT\u00c9 SOCIALE\n\t<\/h2>\n\t<p>Notre secteur forestier contribue \u00e0 la cr\u00e9ation d&#8217;emplois et de richesses dans les zones rurales, en concentrant la population, en favorisant le remplacement des g\u00e9n\u00e9rations et en contribuant \u00e0 l&rsquo;entretien et \u00e0 la protection de nos for\u00eats.<\/p>\n\t\t\t\t<img decoding=\"async\" src=\"https:\/\/etorki.com\/wp-content\/uploads\/2021\/03\/SOSTENIBILIDAD-SOCIAL.jpg\" alt=\"SOSTENIBILIDAD-SOCIAL\" itemprop=\"image\" height=\"533\" width=\"800\" title=\"SOSTENIBILIDAD-SOCIAL\" onerror=\"this.style.display='none'\"  \/>\n<h2>\n\t\tDURABILIT\u00c9 ECONOMIQUE\n\t<\/h2>\n<h2>\n\t\tLE SECTEUR EN CHIFFRES\n\t<\/h2>\n<h3>\n\t\t1,54 %\n\t<\/h3>\n<h4>\n\t\tDU PIB BASQUE\n\t<\/h4>\n<h3>\n\t\t+20 000\n\t<\/h3>\n<h4>\n\t\tEMPLOIS (13 000 DIRECTS ET INDUITS)\n\t<\/h4>\n<h3>\n\t\t+20 000\n\t<\/h3>\n<h4>\n\t\tPROPRI\u00c9TAIRES FORESTIERS\n\t<\/h4>\n<h2>\n\t\tBIO\u00c9CONOMIE CIRCULAIRE\n\t<\/h2>\n\t<p>Au Pays basque, la ressource naturelle et renouvelable la plus r\u00e9pandue et utilis\u00e9e pour la transformation et la g\u00e9n\u00e9ration de la bio\u00e9conomie est le bois. Nous disposons d&rsquo;une zone foresti\u00e8re de 55%, bien sup\u00e9rieure \u00e0 la moyenne europ\u00e9enne (40%). Il est donc important de mettre en \u0153uvre la R&amp;D pour le d\u00e9veloppement de nouveaux produits fabriqu\u00e9s \u00e0 partir du bois afin de remplacer d&rsquo;autres produits d\u00e9riv\u00e9s du p\u00e9trole, beaucoup plus polluants.<\/p>\n\t<iframe allowfullscreen allow=\"autoplay\" data-src=\"https:\/\/www.youtube.com\/embed\/uquBZCV-d1c?feature=oembed&amp;start&amp;end&amp;wmode=opaque&amp;loop=0&amp;controls=1&amp;mute=0&amp;rel=0&amp;modestbranding=0\"><\/iframe>\t\t\n\t\t\t\t\tPlay Video\n\n","protected":false},"excerpt":{"rendered":"<p>Les for\u00eats, des \u00e9cosyst\u00e8mes qui maintiennentla biodiversit\u00e9 et qui sont essentielles pour le bien-\u00eatre humain DURABILIT\u00c9 ENVIRONNEMENTALE DURABILIT\u00c9SOCIALE DURABILIT\u00c9\u00c9CONOMIQUE DURABILIT\u00c9 ENVIRONNEMENTALE L&rsquo;importance des for\u00eats Les for\u00eats sont des \u00e9cosyst\u00e8mes qui maintiennent la biodiversit\u00e9, la protection de l&rsquo;eau et du sol et la fixation du carbone. La fixation annuelle de carbone des for\u00eats de la CAV&hellip;<\/p>\n","protected":false},"author":2,"featured_media":0,"parent":0,"menu_order":0,"comment_status":"closed","ping_status":"closed","template":"","meta":{"footnotes":""},"class_list":["post-659","page","type-page","status-publish","hentry"],"_links":{"self":[{"href":"https:\/\/etorki.com\/fr\/wp-json\/wp\/v2\/pages\/659","targetHints":{"allow":["GET"]}}],"collection":[{"href":"https:\/\/etorki.com\/fr\/wp-json\/wp\/v2\/pages"}],"about":[{"href":"https:\/\/etorki.com\/fr\/wp-json\/wp\/v2\/types\/page"}],"author":[{"embeddable":true,"href":"https:\/\/etorki.com\/fr\/wp-json\/wp\/v2\/users\/2"}],"replies":[{"embeddable":true,"href":"https:\/\/etorki.com\/fr\/wp-json\/wp\/v2\/comments?post=659"}],"version-history":[{"count":0,"href":"https:\/\/etorki.com\/fr\/wp-json\/wp\/v2\/pages\/659\/revisions"}],"wp:attachment":[{"href":"https:\/\/etorki.com\/fr\/wp-json\/wp\/v2\/media?parent=659"}],"curies":[{"name":"wp","href":"https:\/\/api.w.org\/{rel}","templated":true}]}}